{"id":48,"date":"2021-06-07T17:51:05","date_gmt":"2021-06-07T15:51:05","guid":{"rendered":"http:\/\/enquetecitoyenneavallonnais.fr\/?page_id=48"},"modified":"2021-06-23T17:27:10","modified_gmt":"2021-06-23T15:27:10","slug":"c-les-transports","status":"publish","type":"page","link":"https:\/\/enquetecitoyenneavallonnais.fr\/index.php\/lenquete\/c-les-transports\/","title":{"rendered":"C &#8211; Les transports"},"content":{"rendered":"\t\t<div data-elementor-type=\"wp-page\" data-elementor-id=\"48\" class=\"elementor elementor-48\">\n\t\t\t\t\t\t\t\t\t<section class=\"elementor-section elementor-top-section elementor-element elementor-element-1fc1dbc elementor-section-full_width elementor-section-content-top elementor-section-height-default elementor-section-height-default\" data-id=\"1fc1dbc\" data-element_type=\"section\" data-settings=\"{&quot;background_background&quot;:&quot;classic&quot;}\">\n\t\t\t\t\t\t<div class=\"elementor-container elementor-column-gap-default\">\n\t\t\t\t\t<div class=\"elementor-column elementor-col-100 elementor-top-column elementor-element elementor-element-7478f230\" data-id=\"7478f230\" data-element_type=\"column\">\n\t\t\t<div class=\"elementor-widget-wrap elementor-element-populated\">\n\t\t\t\t\t\t\t\t<div class=\"elementor-element elementor-element-4a0eac09 hfe-nav-menu__align-center hfe-submenu-icon-arrow hfe-submenu-animation-none hfe-link-redirect-child hfe-nav-menu__breakpoint-tablet elementor-widget elementor-widget-navigation-menu\" data-id=\"4a0eac09\" data-element_type=\"widget\" data-widget_type=\"navigation-menu.default\">\n\t\t\t\t<div class=\"elementor-widget-container\">\n\t\t\t\t\t\t<div class=\"hfe-nav-menu hfe-layout-horizontal hfe-nav-menu-layout horizontal hfe-pointer__none\" data-layout=\"horizontal\">\n\t\t\t\t<div class=\"hfe-nav-menu__toggle elementor-clickable\">\n\t\t\t\t\t<div class=\"hfe-nav-menu-icon\">\n\t\t\t\t\t\t<i aria-hidden=\"true\" tabindex=\"0\" class=\"fas fa-align-justify\"><\/i>\t\t\t\t\t<\/div>\n\t\t\t\t<\/div>\n\t\t\t\t<nav class=\"hfe-nav-menu__layout-horizontal hfe-nav-menu__submenu-arrow\" data-toggle-icon=\"&lt;i aria-hidden=&quot;true&quot; tabindex=&quot;0&quot; class=&quot;fas fa-align-justify&quot;&gt;&lt;\/i&gt;\" data-close-icon=\"&lt;i aria-hidden=&quot;true&quot; tabindex=&quot;0&quot; class=&quot;far fa-window-close&quot;&gt;&lt;\/i&gt;\" data-full-width=\"yes\"><ul id=\"menu-1-4a0eac09\" class=\"hfe-nav-menu\"><li id=\"menu-item-92\" class=\"menu-item menu-item-type-post_type menu-item-object-page parent hfe-creative-menu\"><a href=\"https:\/\/enquetecitoyenneavallonnais.fr\/index.php\/lenquete\/a-qui-a-repondu-a-lenquete\/\" class = \"hfe-menu-item\">A \u2013 Qui a r\u00e9pondu \u00e0 l\u2019enqu\u00eate<\/a><\/li>\n<li id=\"menu-item-91\" class=\"menu-item menu-item-type-post_type menu-item-object-page parent hfe-creative-menu\"><a href=\"https:\/\/enquetecitoyenneavallonnais.fr\/index.php\/lenquete\/b-le-ressenti-global\/\" class = \"hfe-menu-item\">B \u2013 Le ressenti global<\/a><\/li>\n<li id=\"menu-item-90\" class=\"menu-item menu-item-type-post_type menu-item-object-page parent hfe-creative-menu\"><a href=\"https:\/\/enquetecitoyenneavallonnais.fr\/index.php\/lenquete\/c-les-transports\/\" class = \"hfe-menu-item\">C \u2013 Les transports<\/a><\/li>\n<li id=\"menu-item-89\" class=\"menu-item menu-item-type-post_type menu-item-object-page parent hfe-creative-menu\"><a href=\"https:\/\/enquetecitoyenneavallonnais.fr\/index.php\/lenquete\/d-courses-et-alimentation\/\" class = \"hfe-menu-item\">D \u2013 Courses et alimentation<\/a><\/li>\n<li id=\"menu-item-88\" class=\"menu-item menu-item-type-post_type menu-item-object-page parent hfe-creative-menu\"><a href=\"https:\/\/enquetecitoyenneavallonnais.fr\/index.php\/lenquete\/e-logement\/\" class = \"hfe-menu-item\">E \u2013 Logement<\/a><\/li>\n<li id=\"menu-item-87\" class=\"menu-item menu-item-type-post_type menu-item-object-page parent hfe-creative-menu\"><a href=\"https:\/\/enquetecitoyenneavallonnais.fr\/index.php\/lenquete\/f-education\/\" class = \"hfe-menu-item\">F \u2013 \u00c9ducation<\/a><\/li>\n<li id=\"menu-item-86\" class=\"menu-item menu-item-type-post_type menu-item-object-page parent hfe-creative-menu\"><a href=\"https:\/\/enquetecitoyenneavallonnais.fr\/index.php\/lenquete\/g-telephonie-et-internet\/\" class = \"hfe-menu-item\">G \u2013 T\u00e9l\u00e9phonie et Internet<\/a><\/li>\n<li id=\"menu-item-85\" class=\"menu-item menu-item-type-post_type menu-item-object-page parent hfe-creative-menu\"><a href=\"https:\/\/enquetecitoyenneavallonnais.fr\/index.php\/lenquete\/h-loisirs\/\" class = \"hfe-menu-item\">H \u2013 Loisirs<\/a><\/li>\n<li id=\"menu-item-84\" class=\"menu-item menu-item-type-post_type menu-item-object-page parent hfe-creative-menu\"><a href=\"https:\/\/enquetecitoyenneavallonnais.fr\/index.php\/lenquete\/i-nature\/\" class = \"hfe-menu-item\">I \u2013 Nature<\/a><\/li>\n<li id=\"menu-item-83\" class=\"menu-item menu-item-type-post_type menu-item-object-page parent hfe-creative-menu\"><a href=\"https:\/\/enquetecitoyenneavallonnais.fr\/index.php\/lenquete\/j-sante\/\" class = \"hfe-menu-item\">J \u2013 Sant\u00e9<\/a><\/li>\n<li id=\"menu-item-82\" class=\"menu-item menu-item-type-post_type menu-item-object-page parent hfe-creative-menu\"><a href=\"https:\/\/enquetecitoyenneavallonnais.fr\/index.php\/lenquete\/k-elections\/\" class = \"hfe-menu-item\">K \u2013 \u00c9lections<\/a><\/li>\n<\/ul><\/nav>              \n\t\t\t<\/div>\n\t\t\t\t\t<\/div>\n\t\t\t\t<\/div>\n\t\t\t\t\t<\/div>\n\t\t<\/div>\n\t\t\t\t\t\t\t<\/div>\n\t\t<\/section>\n\t\t\t\t<section class=\"elementor-section elementor-top-section elementor-element elementor-element-58589484 elementor-section-boxed elementor-section-height-default elementor-section-height-default\" data-id=\"58589484\" data-element_type=\"section\">\n\t\t\t\t\t\t<div class=\"elementor-container elementor-column-gap-default\">\n\t\t\t\t\t<div class=\"elementor-column elementor-col-100 elementor-top-column elementor-element elementor-element-2b6fead9\" data-id=\"2b6fead9\" data-element_type=\"column\">\n\t\t\t<div class=\"elementor-widget-wrap elementor-element-populated\">\n\t\t\t\t\t\t\t\t<div class=\"elementor-element elementor-element-668c3182 elementor-widget elementor-widget-text-editor\" data-id=\"668c3182\" data-element_type=\"widget\" data-widget_type=\"text-editor.default\">\n\t\t\t\t<div class=\"elementor-widget-container\">\n\t\t\t\t\t\t\t<p><b>C &#8211; Transports<\/b><\/p>\t\t\t\t\t\t<\/div>\n\t\t\t\t<\/div>\n\t\t\t\t<div class=\"elementor-element elementor-element-715f20b3 elementor-widget elementor-widget-text-editor\" data-id=\"715f20b3\" data-element_type=\"widget\" data-widget_type=\"text-editor.default\">\n\t\t\t\t<div class=\"elementor-widget-container\">\n\t\t\t\t\t\t\t<p>Le questionnaire utilis\u00e9 pour l\u2019enqu\u00eate citoyenne ne comportait pas de rubrique d\u00e9di\u00e9e aux transports. Cependant, au vu des r\u00e9sultats, le constat que l\u2019acc\u00e8s aux transports collectifs est un des manques les plus criants du territoire nous a amen\u00e9s \u00e0 lui d\u00e9dier une analyse sp\u00e9cifique.\u00a0<\/p><p>\u00a0<\/p><p>En effet, comme nous l\u2019avons vu pr\u00e9c\u00e9demment, les transports collectifs recueillent une note d\u2019appr\u00e9ciation de 2,2\/10 et apparaissent comme l\u2019un des manques les plus souvent cit\u00e9s.<\/p><p>\u00a0<\/p><p>Cette critique est logique puisque la vaste majorit\u00e9 des personnes ayant r\u00e9pondu \u00e0 l\u2019enqu\u00eate ont des d\u00e9placements quotidiens de plus de 5 km, et donc essentiellement en voiture.\u00a0<\/p>\t\t\t\t\t\t<\/div>\n\t\t\t\t<\/div>\n\t\t\t\t\t<\/div>\n\t\t<\/div>\n\t\t\t\t\t\t\t<\/div>\n\t\t<\/section>\n\t\t\t\t<section class=\"elementor-section elementor-top-section elementor-element elementor-element-6d8dc5c4 elementor-section-boxed elementor-section-height-default elementor-section-height-default\" data-id=\"6d8dc5c4\" data-element_type=\"section\">\n\t\t\t\t\t\t<div class=\"elementor-container elementor-column-gap-default\">\n\t\t\t\t\t<div class=\"elementor-column elementor-col-100 elementor-top-column elementor-element elementor-element-a9646db\" data-id=\"a9646db\" data-element_type=\"column\">\n\t\t\t<div class=\"elementor-widget-wrap elementor-element-populated\">\n\t\t\t\t\t\t\t\t<div class=\"elementor-element elementor-element-51baf4e1 elementor-widget elementor-widget-image\" data-id=\"51baf4e1\" data-element_type=\"widget\" data-widget_type=\"image.default\">\n\t\t\t\t<div class=\"elementor-widget-container\">\n\t\t\t\t\t\t\t\t\t\t\t\t\t\t\t<img loading=\"lazy\" decoding=\"async\" width=\"1323\" height=\"1143\" src=\"https:\/\/enquetecitoyenneavallonnais.fr\/wp-content\/uploads\/2021\/06\/10.png\" class=\"attachment-full size-full\" alt=\"\" srcset=\"https:\/\/enquetecitoyenneavallonnais.fr\/wp-content\/uploads\/2021\/06\/10.png 1323w, https:\/\/enquetecitoyenneavallonnais.fr\/wp-content\/uploads\/2021\/06\/10-300x259.png 300w, https:\/\/enquetecitoyenneavallonnais.fr\/wp-content\/uploads\/2021\/06\/10-1024x885.png 1024w, https:\/\/enquetecitoyenneavallonnais.fr\/wp-content\/uploads\/2021\/06\/10-768x664.png 768w, https:\/\/enquetecitoyenneavallonnais.fr\/wp-content\/uploads\/2021\/06\/10-1200x1037.png 1200w\" sizes=\"auto, (max-width: 1323px) 100vw, 1323px\" \/>\t\t\t\t\t\t\t\t\t\t\t\t\t\t\t<\/div>\n\t\t\t\t<\/div>\n\t\t\t\t\t<\/div>\n\t\t<\/div>\n\t\t\t\t\t\t\t<\/div>\n\t\t<\/section>\n\t\t\t\t<section class=\"elementor-section elementor-top-section elementor-element elementor-element-4ddf0baf elementor-section-boxed elementor-section-height-default elementor-section-height-default\" data-id=\"4ddf0baf\" data-element_type=\"section\">\n\t\t\t\t\t\t<div class=\"elementor-container elementor-column-gap-default\">\n\t\t\t\t\t<div class=\"elementor-column elementor-col-100 elementor-top-column elementor-element elementor-element-4b054b15\" data-id=\"4b054b15\" data-element_type=\"column\">\n\t\t\t<div class=\"elementor-widget-wrap elementor-element-populated\">\n\t\t\t\t\t\t\t\t<div class=\"elementor-element elementor-element-52ae9bd3 elementor-widget elementor-widget-text-editor\" data-id=\"52ae9bd3\" data-element_type=\"widget\" data-widget_type=\"text-editor.default\">\n\t\t\t\t<div class=\"elementor-widget-container\">\n\t\t\t\t\t\t\t<p>L\u2019usage des transports est \u00e9videmment vari\u00e9 et une part pr\u00e9pond\u00e9rante est li\u00e9e aux activit\u00e9s quotidiennes. Cependant, le manque identifi\u00e9 peut \u00e9galement venir de d\u00e9placements non quotidiens, par exemple pour la culture ou la sant\u00e9.<\/p><p>\u00a0<\/p><p>En effet, plus de la moiti\u00e9 des personnes interrog\u00e9es disent aller \u201cailleurs\u201d (Paris, Auxerre, Dijon\u2026) pour assister \u00e0 des manifestations culturelles.<\/p>\t\t\t\t\t\t<\/div>\n\t\t\t\t<\/div>\n\t\t\t\t\t<\/div>\n\t\t<\/div>\n\t\t\t\t\t\t\t<\/div>\n\t\t<\/section>\n\t\t\t\t<section class=\"elementor-section elementor-top-section elementor-element elementor-element-5327e602 elementor-section-boxed elementor-section-height-default elementor-section-height-default\" data-id=\"5327e602\" data-element_type=\"section\">\n\t\t\t\t\t\t<div class=\"elementor-container elementor-column-gap-default\">\n\t\t\t\t\t<div class=\"elementor-column elementor-col-100 elementor-top-column elementor-element elementor-element-2d33e640\" data-id=\"2d33e640\" data-element_type=\"column\">\n\t\t\t<div class=\"elementor-widget-wrap elementor-element-populated\">\n\t\t\t\t\t\t\t\t<div class=\"elementor-element elementor-element-3e2617c3 elementor-widget elementor-widget-image\" data-id=\"3e2617c3\" data-element_type=\"widget\" data-widget_type=\"image.default\">\n\t\t\t\t<div class=\"elementor-widget-container\">\n\t\t\t\t\t\t\t\t\t\t\t\t\t\t\t<img loading=\"lazy\" decoding=\"async\" width=\"1575\" height=\"1142\" src=\"https:\/\/enquetecitoyenneavallonnais.fr\/wp-content\/uploads\/2021\/06\/11.png\" class=\"attachment-full size-full\" alt=\"\" srcset=\"https:\/\/enquetecitoyenneavallonnais.fr\/wp-content\/uploads\/2021\/06\/11.png 1575w, https:\/\/enquetecitoyenneavallonnais.fr\/wp-content\/uploads\/2021\/06\/11-300x218.png 300w, https:\/\/enquetecitoyenneavallonnais.fr\/wp-content\/uploads\/2021\/06\/11-1024x742.png 1024w, https:\/\/enquetecitoyenneavallonnais.fr\/wp-content\/uploads\/2021\/06\/11-768x557.png 768w, https:\/\/enquetecitoyenneavallonnais.fr\/wp-content\/uploads\/2021\/06\/11-1536x1114.png 1536w, https:\/\/enquetecitoyenneavallonnais.fr\/wp-content\/uploads\/2021\/06\/11-1200x870.png 1200w\" sizes=\"auto, (max-width: 1575px) 100vw, 1575px\" \/>\t\t\t\t\t\t\t\t\t\t\t\t\t\t\t<\/div>\n\t\t\t\t<\/div>\n\t\t\t\t\t<\/div>\n\t\t<\/div>\n\t\t\t\t\t\t\t<\/div>\n\t\t<\/section>\n\t\t\t\t<section class=\"elementor-section elementor-top-section elementor-element elementor-element-5ee5df7 elementor-section-boxed elementor-section-height-default elementor-section-height-default\" data-id=\"5ee5df7\" data-element_type=\"section\">\n\t\t\t\t\t\t<div class=\"elementor-container elementor-column-gap-default\">\n\t\t\t\t\t<div class=\"elementor-column elementor-col-100 elementor-top-column elementor-element elementor-element-659300b\" data-id=\"659300b\" data-element_type=\"column\">\n\t\t\t<div class=\"elementor-widget-wrap elementor-element-populated\">\n\t\t\t\t\t\t\t\t<div class=\"elementor-element elementor-element-7f7c022 elementor-widget elementor-widget-text-editor\" data-id=\"7f7c022\" data-element_type=\"widget\" data-widget_type=\"text-editor.default\">\n\t\t\t\t<div class=\"elementor-widget-container\">\n\t\t\t\t\t\t\t<p>En mati\u00e8re de sant\u00e9 \u00e9galement, l\u2019accessibilit\u00e9 recueille une note mitig\u00e9e de 5\/10 et le mot \u201cvoiture\u201d domine les r\u00e9ponses \u00e0 la question \u201cComment faites-vous pour vous rendre chez un sp\u00e9cialiste ? \u201d<\/p>\t\t\t\t\t\t<\/div>\n\t\t\t\t<\/div>\n\t\t\t\t\t<\/div>\n\t\t<\/div>\n\t\t\t\t\t\t\t<\/div>\n\t\t<\/section>\n\t\t\t\t<section class=\"elementor-section elementor-top-section elementor-element elementor-element-5995a855 elementor-section-boxed elementor-section-height-default elementor-section-height-default\" data-id=\"5995a855\" data-element_type=\"section\">\n\t\t\t\t\t\t<div class=\"elementor-container elementor-column-gap-default\">\n\t\t\t\t\t<div class=\"elementor-column elementor-col-100 elementor-top-column elementor-element elementor-element-1a4656a3\" data-id=\"1a4656a3\" data-element_type=\"column\">\n\t\t\t<div class=\"elementor-widget-wrap elementor-element-populated\">\n\t\t\t\t\t\t\t\t<div class=\"elementor-element elementor-element-75d210e7 elementor-widget elementor-widget-image\" data-id=\"75d210e7\" data-element_type=\"widget\" data-widget_type=\"image.default\">\n\t\t\t\t<div class=\"elementor-widget-container\">\n\t\t\t\t\t\t\t\t\t\t\t\t\t\t\t<img loading=\"lazy\" decoding=\"async\" width=\"424\" height=\"253\" src=\"https:\/\/enquetecitoyenneavallonnais.fr\/wp-content\/uploads\/2021\/06\/5-et-14.png\" class=\"attachment-full size-full\" alt=\"\" srcset=\"https:\/\/enquetecitoyenneavallonnais.fr\/wp-content\/uploads\/2021\/06\/5-et-14.png 424w, https:\/\/enquetecitoyenneavallonnais.fr\/wp-content\/uploads\/2021\/06\/5-et-14-300x179.png 300w\" sizes=\"auto, (max-width: 424px) 100vw, 424px\" \/>\t\t\t\t\t\t\t\t\t\t\t\t\t\t\t<\/div>\n\t\t\t\t<\/div>\n\t\t\t\t\t<\/div>\n\t\t<\/div>\n\t\t\t\t\t\t\t<\/div>\n\t\t<\/section>\n\t\t\t\t<section class=\"elementor-section elementor-top-section elementor-element elementor-element-4e1a4f8 elementor-section-boxed elementor-section-height-default elementor-section-height-default\" data-id=\"4e1a4f8\" data-element_type=\"section\">\n\t\t\t\t\t\t<div class=\"elementor-container elementor-column-gap-default\">\n\t\t\t\t\t<div class=\"elementor-column elementor-col-100 elementor-top-column elementor-element elementor-element-71e9f4a\" data-id=\"71e9f4a\" data-element_type=\"column\">\n\t\t\t<div class=\"elementor-widget-wrap elementor-element-populated\">\n\t\t\t\t\t\t\t\t<div class=\"elementor-element elementor-element-e264170 elementor-widget elementor-widget-text-editor\" data-id=\"e264170\" data-element_type=\"widget\" data-widget_type=\"text-editor.default\">\n\t\t\t\t<div class=\"elementor-widget-container\">\n\t\t\t\t\t\t\t<p>Enfin, la question des transports ressort \u00e9galement nettement comme un message prioritaire \u00e0 transmettre aux futurs \u00e9lus !<\/p>\t\t\t\t\t\t<\/div>\n\t\t\t\t<\/div>\n\t\t\t\t\t<\/div>\n\t\t<\/div>\n\t\t\t\t\t\t\t<\/div>\n\t\t<\/section>\n\t\t\t\t<section class=\"elementor-section elementor-top-section elementor-element elementor-element-6922eed0 elementor-section-boxed elementor-section-height-default elementor-section-height-default\" data-id=\"6922eed0\" data-element_type=\"section\">\n\t\t\t\t\t\t<div class=\"elementor-container elementor-column-gap-default\">\n\t\t\t\t\t<div class=\"elementor-column elementor-col-100 elementor-top-column elementor-element elementor-element-49a47f45\" data-id=\"49a47f45\" data-element_type=\"column\">\n\t\t\t<div class=\"elementor-widget-wrap elementor-element-populated\">\n\t\t\t\t\t\t\t\t<div class=\"elementor-element elementor-element-ece65fa elementor-widget elementor-widget-text-editor\" data-id=\"ece65fa\" data-element_type=\"widget\" data-widget_type=\"text-editor.default\">\n\t\t\t\t<div class=\"elementor-widget-container\">\n\t\t\t\t\t\t\t<h3><b>T\u00e9moignage :<br \/><\/b><\/h3>\t\t\t\t\t\t<\/div>\n\t\t\t\t<\/div>\n\t\t\t\t<div class=\"elementor-element elementor-element-66d35abb elementor-widget elementor-widget-text-editor\" data-id=\"66d35abb\" data-element_type=\"widget\" data-widget_type=\"text-editor.default\">\n\t\t\t\t<div class=\"elementor-widget-container\">\n\t\t\t\t\t\t\t<p><i>&#8220;Le TER est vraiment devenu douteux (on n&#8217;est jamais vraiment s\u00fbr que le train passera, ou si cela sera un car, \u00e0 quelle heure exactement&#8230; Ah, tiens ils ont supprim\u00e9 ce train\u2026)\u201d<\/i><\/p>\t\t\t\t\t\t<\/div>\n\t\t\t\t<\/div>\n\t\t\t\t\t<\/div>\n\t\t<\/div>\n\t\t\t\t\t\t\t<\/div>\n\t\t<\/section>\n\t\t\t\t\t\t\t<\/div>\n\t\t","protected":false},"excerpt":{"rendered":"<p>A \u2013 Qui a r\u00e9pondu \u00e0 l\u2019enqu\u00eate B \u2013 Le ressenti global C \u2013 Les transports D \u2013 Courses et alimentation E \u2013 Logement F \u2013 \u00c9ducation G \u2013 T\u00e9l\u00e9phonie et Internet H \u2013 Loisirs I \u2013 Nature J \u2013 Sant\u00e9 K \u2013 \u00c9lections C &#8211; Transports Le questionnaire utilis\u00e9 pour l\u2019enqu\u00eate citoyenne ne comportait [&hellip;]<\/p>\n","protected":false},"author":1,"featured_media":0,"parent":12,"menu_order":0,"comment_status":"closed","ping_status":"closed","template":"","meta":{"footnotes":""},"class_list":["post-48","page","type-page","status-publish","hentry"],"_links":{"self":[{"href":"https:\/\/enquetecitoyenneavallonnais.fr\/index.php\/wp-json\/wp\/v2\/pages\/48","targetHints":{"allow":["GET"]}}],"collection":[{"href":"https:\/\/enquetecitoyenneavallonnais.fr\/index.php\/wp-json\/wp\/v2\/pages"}],"about":[{"href":"https:\/\/enquetecitoyenneavallonnais.fr\/index.php\/wp-json\/wp\/v2\/types\/page"}],"author":[{"embeddable":true,"href":"https:\/\/enquetecitoyenneavallonnais.fr\/index.php\/wp-json\/wp\/v2\/users\/1"}],"replies":[{"embeddable":true,"href":"https:\/\/enquetecitoyenneavallonnais.fr\/index.php\/wp-json\/wp\/v2\/comments?post=48"}],"version-history":[{"count":10,"href":"https:\/\/enquetecitoyenneavallonnais.fr\/index.php\/wp-json\/wp\/v2\/pages\/48\/revisions"}],"predecessor-version":[{"id":459,"href":"https:\/\/enquetecitoyenneavallonnais.fr\/index.php\/wp-json\/wp\/v2\/pages\/48\/revisions\/459"}],"up":[{"embeddable":true,"href":"https:\/\/enquetecitoyenneavallonnais.fr\/index.php\/wp-json\/wp\/v2\/pages\/12"}],"wp:attachment":[{"href":"https:\/\/enquetecitoyenneavallonnais.fr\/index.php\/wp-json\/wp\/v2\/media?parent=48"}],"curies":[{"name":"wp","href":"https:\/\/api.w.org\/{rel}","templated":true}]}}